{"id":30,"date":"2020-06-11T17:45:54","date_gmt":"2020-06-11T14:45:54","guid":{"rendered":"https:\/\/www.tyovaenkirjallisuudenpaiva.com\/?page_id=30"},"modified":"2026-03-25T09:50:51","modified_gmt":"2026-03-25T07:50:51","slug":"medialle","status":"publish","type":"page","link":"https:\/\/www.tyovaenkirjallisuudenpaiva.com\/index.php\/medialle\/","title":{"rendered":"Medialle"},"content":{"rendered":"<p>Ty\u00f6v\u00e4enkirjallisuuden p\u00e4iv\u00e4 on vuosittainen yhteiskunnallinen kirjallisuustapahtuma, joka on j\u00e4rjestetty Ty\u00f6v\u00e4enmuseo Werstaalla Tampereella elo-syyskuun taitteessa vuodesta 2010 l\u00e4htien. T\u00e4n\u00e4 vuonna sen ajankohta oli lauantai 5.9.2026. Tapahtuman ajatuksena on tehd\u00e4 tunnetuksi yhteiskunnallisesti kiinnostavaa ja kantaaottavaa kirjallisuutta sek\u00e4 her\u00e4tt\u00e4\u00e4 keskustelua ja kysymyksen siit\u00e4, mit\u00e4 ty\u00f6v\u00e4enkirjallisuus t\u00e4n\u00e4 p\u00e4iv\u00e4n\u00e4 on. Vuonna 2026 tapahtuman teema oli YKSIN\/YHDESS\u00c4.<\/p>\n<p>Aiempina vuosina Ty\u00f6v\u00e4enkirjallisuuden p\u00e4iv\u00e4ss\u00e4 ovat esiintyneet mm. <strong>Claes Andersson, Kari Hotakainen, Anja Snellman, Riina Tanskanen, Juha Hurme, Anneli Kanto, Tuomas Kyr\u00f6, Anni Kyt\u00f6m\u00e4ki, Sirpa K\u00e4hk\u00f6nen, Heidi K\u00f6ng\u00e4s, Rosa Liksom, Marja-Leena Mikkola, Aulikki Oksanen<\/strong> ja <strong>Hannu Salama<\/strong>.<\/p>\n<p><strong>Lis\u00e4tiedot<br \/>\n<\/strong>Jussi Lahtinen<br \/>\nKoordinaattori<br \/>\n0408256031<br \/>\njussi.lahtinen(at)tuni.fi<\/p>\n","protected":false},"excerpt":{"rendered":"<p>Ty\u00f6v\u00e4enkirjallisuuden p\u00e4iv\u00e4 on vuosittainen yhteiskunnallinen kirjallisuustapahtuma, joka on j\u00e4rjestetty Ty\u00f6v\u00e4enmuseo Werstaalla Tampereella elo-syyskuun taitteessa vuodesta 2010 l\u00e4htien. T\u00e4n\u00e4 vuonna sen ajankohta oli lauantai 5.9.2026. Tapahtuman ajatuksena on tehd\u00e4 tunnetuksi yhteiskunnallisesti kiinnostavaa ja kantaaottavaa kirjallisuutta sek\u00e4 her\u00e4tt\u00e4\u00e4 keskustelua ja kysymyksen siit\u00e4, mit\u00e4 ty\u00f6v\u00e4enkirjallisuus t\u00e4n\u00e4 p\u00e4iv\u00e4n\u00e4 on. Vuonna 2026 tapahtuman teema oli YKSIN\/YHDESS\u00c4. Aiempina vuosina Ty\u00f6v\u00e4enkirjallisuuden p\u00e4iv\u00e4ss\u00e4<\/p>\n<p><a href=\"https:\/\/www.tyovaenkirjallisuudenpaiva.com\/index.php\/medialle\/\" class=\"more-link themebutton\">Lue lis\u00e4\u00e4<\/a><\/p>\n","protected":false},"author":1,"featured_media":0,"parent":0,"menu_order":0,"comment_status":"closed","ping_status":"closed","template":"","meta":{"footnotes":""},"class_list":["post-30","page","type-page","status-publish","hentry"],"_links":{"self":[{"href":"https:\/\/www.tyovaenkirjallisuudenpaiva.com\/index.php\/wp-json\/wp\/v2\/pages\/30","targetHints":{"allow":["GET"]}}],"collection":[{"href":"https:\/\/www.tyovaenkirjallisuudenpaiva.com\/index.php\/wp-json\/wp\/v2\/pages"}],"about":[{"href":"https:\/\/www.tyovaenkirjallisuudenpaiva.com\/index.php\/wp-json\/wp\/v2\/types\/page"}],"author":[{"embeddable":true,"href":"https:\/\/www.tyovaenkirjallisuudenpaiva.com\/index.php\/wp-json\/wp\/v2\/users\/1"}],"replies":[{"embeddable":true,"href":"https:\/\/www.tyovaenkirjallisuudenpaiva.com\/index.php\/wp-json\/wp\/v2\/comments?post=30"}],"version-history":[{"count":37,"href":"https:\/\/www.tyovaenkirjallisuudenpaiva.com\/index.php\/wp-json\/wp\/v2\/pages\/30\/revisions"}],"predecessor-version":[{"id":1041,"href":"https:\/\/www.tyovaenkirjallisuudenpaiva.com\/index.php\/wp-json\/wp\/v2\/pages\/30\/revisions\/1041"}],"wp:attachment":[{"href":"https:\/\/www.tyovaenkirjallisuudenpaiva.com\/index.php\/wp-json\/wp\/v2\/media?parent=30"}],"curies":[{"name":"wp","href":"https:\/\/api.w.org\/{rel}","templated":true}]}}