{"id":32,"date":"2020-06-11T17:47:32","date_gmt":"2020-06-11T14:47:32","guid":{"rendered":"https:\/\/www.tyovaenkirjallisuudenpaiva.com\/?page_id=32"},"modified":"2026-03-25T09:53:37","modified_gmt":"2026-03-25T07:53:37","slug":"yhteystiedot","status":"publish","type":"page","link":"https:\/\/www.tyovaenkirjallisuudenpaiva.com\/index.php\/yhteystiedot\/","title":{"rendered":"Yhteystiedot"},"content":{"rendered":"<p>Tapahtuman koordinaattori vuonna 2026:<\/p>\n<p>Jussi Lahtinen: <strong>jussi.lahtinen(a)tuni.fi, 040 8256031<\/strong><\/p>\n<p><strong>Ty\u00f6v\u00e4enkirjallisuuden p\u00e4iv\u00e4 \/ Ty\u00f6v\u00e4enmuseo Werstas, V\u00e4in\u00f6 Linnan aukio 8, 33210 TAMPERE.<\/strong><\/p>\n<p>Tapahtuma j\u00e4rjestet\u00e4\u00e4n ammattiliittojen ja muiden yhteisty\u00f6kumppaneiden tuella sek\u00e4 apurahoilla. Tapahtumaa suunnittelee ja j\u00e4rjest\u00e4\u00e4 ty\u00f6ryhm\u00e4, jossa on edustajia Ty\u00f6v\u00e4enmuseo Werstaalta, Kansan Sivistysty\u00f6n Liitosta (KSL), Tampereen a Helsingin yliopistoista, Ty\u00f6v\u00e4en Sivistysliitosta (TSL) ja paikallisista kulttuuriyhdistyksist\u00e4. Vuonna 2026 ty\u00f6ryhm\u00e4n j\u00e4senet ovat <strong>Mikko Kemppainen, Jussi Lahtinen, Eriikka Magnusson, Matti Nummelin, Riina Tanskanen, Kirsi Nurminen, Riina N\u00e4si, Milla Peltonen, Jaakko Suni, Fl\u00f3ra V\u00e1rkonyi, Suvi-Tuulia Reivil\u00e4<\/strong> ja <strong>Marita Viinam\u00e4ki<\/strong>.<\/p>\n\n\n<p><\/p>\n","protected":false},"excerpt":{"rendered":"<p>Tapahtuman koordinaattori vuonna 2026: Jussi Lahtinen: jussi.lahtinen(a)tuni.fi, 040 8256031 Ty\u00f6v\u00e4enkirjallisuuden p\u00e4iv\u00e4 \/ Ty\u00f6v\u00e4enmuseo Werstas, V\u00e4in\u00f6 Linnan aukio 8, 33210 TAMPERE. Tapahtuma j\u00e4rjestet\u00e4\u00e4n ammattiliittojen ja muiden yhteisty\u00f6kumppaneiden tuella sek\u00e4 apurahoilla. Tapahtumaa suunnittelee ja j\u00e4rjest\u00e4\u00e4 ty\u00f6ryhm\u00e4, jossa on edustajia Ty\u00f6v\u00e4enmuseo Werstaalta, Kansan Sivistysty\u00f6n Liitosta (KSL), Tampereen a Helsingin yliopistoista, Ty\u00f6v\u00e4en Sivistysliitosta (TSL) ja paikallisista kulttuuriyhdistyksist\u00e4. Vuonna 2026<\/p>\n<p><a href=\"https:\/\/www.tyovaenkirjallisuudenpaiva.com\/index.php\/yhteystiedot\/\" class=\"more-link themebutton\">Lue lis\u00e4\u00e4<\/a><\/p>\n","protected":false},"author":1,"featured_media":0,"parent":0,"menu_order":0,"comment_status":"closed","ping_status":"closed","template":"","meta":{"footnotes":""},"class_list":["post-32","page","type-page","status-publish","hentry"],"_links":{"self":[{"href":"https:\/\/www.tyovaenkirjallisuudenpaiva.com\/index.php\/wp-json\/wp\/v2\/pages\/32","targetHints":{"allow":["GET"]}}],"collection":[{"href":"https:\/\/www.tyovaenkirjallisuudenpaiva.com\/index.php\/wp-json\/wp\/v2\/pages"}],"about":[{"href":"https:\/\/www.tyovaenkirjallisuudenpaiva.com\/index.php\/wp-json\/wp\/v2\/types\/page"}],"author":[{"embeddable":true,"href":"https:\/\/www.tyovaenkirjallisuudenpaiva.com\/index.php\/wp-json\/wp\/v2\/users\/1"}],"replies":[{"embeddable":true,"href":"https:\/\/www.tyovaenkirjallisuudenpaiva.com\/index.php\/wp-json\/wp\/v2\/comments?post=32"}],"version-history":[{"count":21,"href":"https:\/\/www.tyovaenkirjallisuudenpaiva.com\/index.php\/wp-json\/wp\/v2\/pages\/32\/revisions"}],"predecessor-version":[{"id":1045,"href":"https:\/\/www.tyovaenkirjallisuudenpaiva.com\/index.php\/wp-json\/wp\/v2\/pages\/32\/revisions\/1045"}],"wp:attachment":[{"href":"https:\/\/www.tyovaenkirjallisuudenpaiva.com\/index.php\/wp-json\/wp\/v2\/media?parent=32"}],"curies":[{"name":"wp","href":"https:\/\/api.w.org\/{rel}","templated":true}]}}